{"id":74,"date":"2019-01-26T11:49:23","date_gmt":"2019-01-26T11:49:23","guid":{"rendered":"http:\/\/parafiahenrykow.pl\/?page_id=74"},"modified":"2021-04-08T08:42:54","modified_gmt":"2021-04-08T08:42:54","slug":"archiwum","status":"publish","type":"page","link":"https:\/\/parafiahenrykow.pl\/?page_id=74","title":{"rendered":"STARE POCZT\u00d3WKI"},"content":{"rendered":"\n<figure class=\"wp-block-image size-large\"><img loading=\"lazy\" decoding=\"async\" width=\"1024\" height=\"705\" src=\"https:\/\/parafiahenrykow.pl\/wp-content\/uploads\/2020\/06\/henrykow-pocztowka-1977-1024x705.jpg\" alt=\"\" class=\"wp-image-345\" srcset=\"https:\/\/parafiahenrykow.pl\/wp-content\/uploads\/2020\/06\/henrykow-pocztowka-1977-1024x705.jpg 1024w, https:\/\/parafiahenrykow.pl\/wp-content\/uploads\/2020\/06\/henrykow-pocztowka-1977-300x206.jpg 300w, https:\/\/parafiahenrykow.pl\/wp-content\/uploads\/2020\/06\/henrykow-pocztowka-1977-768x529.jpg 768w, https:\/\/parafiahenrykow.pl\/wp-content\/uploads\/2020\/06\/henrykow-pocztowka-1977-1536x1057.jpg 1536w, https:\/\/parafiahenrykow.pl\/wp-content\/uploads\/2020\/06\/henrykow-pocztowka-1977.jpg 1783w\" sizes=\"auto, (max-width: 1024px) 100vw, 1024px\" \/><figcaption>Poczt\u00f3wka z 1977 r. przedstawia klasztor i ko\u015bci\u00f3\u0142 w Henrykowie od strony ogrodu w\u0142oskiego<\/figcaption><\/figure>\n\n\n\n<figure class=\"wp-block-image size-large\"><img loading=\"lazy\" decoding=\"async\" width=\"1024\" height=\"647\" src=\"https:\/\/parafiahenrykow.pl\/wp-content\/uploads\/2020\/06\/ma\u0142kowice-poczt\u00f3wka1942-1024x647.jpg\" alt=\"\" class=\"wp-image-343\" srcset=\"https:\/\/parafiahenrykow.pl\/wp-content\/uploads\/2020\/06\/ma\u0142kowice-poczt\u00f3wka1942-1024x647.jpg 1024w, https:\/\/parafiahenrykow.pl\/wp-content\/uploads\/2020\/06\/ma\u0142kowice-poczt\u00f3wka1942-300x189.jpg 300w, https:\/\/parafiahenrykow.pl\/wp-content\/uploads\/2020\/06\/ma\u0142kowice-poczt\u00f3wka1942-768x485.jpg 768w, https:\/\/parafiahenrykow.pl\/wp-content\/uploads\/2020\/06\/ma\u0142kowice-poczt\u00f3wka1942-1536x970.jpg 1536w, https:\/\/parafiahenrykow.pl\/wp-content\/uploads\/2020\/06\/ma\u0142kowice-poczt\u00f3wka1942.jpg 1704w\" sizes=\"auto, (max-width: 1024px) 100vw, 1024px\" \/><figcaption>Poczt\u00f3wka z Waldtal (obecnie Ma\u0142kowice) z 1942 r. przedstawia klasztor pw. \u015bw. Jerzego SS. El\u017cbietanek. Wys\u0142ana zosta\u0142a przez zakonnic\u0119 z \u017cyczeniami imieninowymi do ostatniego niemieckiego proboszcza w Henrykowie ks. Adalberta Rotera<\/figcaption><\/figure>\n\n\n\n<figure class=\"wp-block-image size-large\"><img loading=\"lazy\" decoding=\"async\" width=\"680\" height=\"1024\" src=\"https:\/\/parafiahenrykow.pl\/wp-content\/uploads\/2020\/06\/jozef-wcielenie-krzeszow-680x1024.jpg\" alt=\"\" class=\"wp-image-340\" srcset=\"https:\/\/parafiahenrykow.pl\/wp-content\/uploads\/2020\/06\/jozef-wcielenie-krzeszow-680x1024.jpg 680w, https:\/\/parafiahenrykow.pl\/wp-content\/uploads\/2020\/06\/jozef-wcielenie-krzeszow-199x300.jpg 199w, https:\/\/parafiahenrykow.pl\/wp-content\/uploads\/2020\/06\/jozef-wcielenie-krzeszow.jpg 730w\" sizes=\"auto, (max-width: 680px) 100vw, 680px\" \/><figcaption>Poczt\u00f3wka przedwojenna z Krzeszowa. Przedstawia kaplic\u0119 boczn\u0105 z ko\u015bcio\u0142a \u015bw. J\u00f3zefa. Obraz M. Willmanna nosi tytu\u0142: \u015bw. J\u00f3zef jest pouczony przez anio\u0142a o Wcieleniu<\/figcaption><\/figure>\n\n\n\n<p class=\"has-text-align-center\"><strong>Poczt\u00f3wka dawnego o\u0142tarza \u015bw. Bernarda po koronacji Matki Boskiej Henrykowskiej, dokonanej przez opata Benedykta Birosa ze Szczyrzyca dnia 3.08.1952 r. <\/strong><\/p>\n\n\n\n<figure class=\"wp-block-image\"><img loading=\"lazy\" decoding=\"async\" width=\"680\" height=\"1024\" src=\"https:\/\/parafiahenrykow.pl\/wp-content\/uploads\/2019\/05\/oltarz-bernarda-henrykow-1952-680x1024.jpg\" alt=\"\" class=\"wp-image-232\" srcset=\"https:\/\/parafiahenrykow.pl\/wp-content\/uploads\/2019\/05\/oltarz-bernarda-henrykow-1952-680x1024.jpg 680w, https:\/\/parafiahenrykow.pl\/wp-content\/uploads\/2019\/05\/oltarz-bernarda-henrykow-1952-199x300.jpg 199w, https:\/\/parafiahenrykow.pl\/wp-content\/uploads\/2019\/05\/oltarz-bernarda-henrykow-1952-768x1157.jpg 768w, https:\/\/parafiahenrykow.pl\/wp-content\/uploads\/2019\/05\/oltarz-bernarda-henrykow-1952.jpg 1779w\" sizes=\"auto, (max-width: 680px) 100vw, 680px\" \/><figcaption>Fotografi\u0119 o\u0142tarza wykona\u0142 J\u00f3zef Da\u0144da<\/figcaption><\/figure>\n\n\n\n<figure class=\"wp-block-image\"><img loading=\"lazy\" decoding=\"async\" width=\"665\" height=\"1024\" src=\"https:\/\/parafiahenrykow.pl\/wp-content\/uploads\/2019\/01\/brama-w.guhr_-665x1024.jpg\" alt=\"\" class=\"wp-image-75\" srcset=\"https:\/\/parafiahenrykow.pl\/wp-content\/uploads\/2019\/01\/brama-w.guhr_-665x1024.jpg 665w, https:\/\/parafiahenrykow.pl\/wp-content\/uploads\/2019\/01\/brama-w.guhr_-195x300.jpg 195w, https:\/\/parafiahenrykow.pl\/wp-content\/uploads\/2019\/01\/brama-w.guhr_.jpg 715w\" sizes=\"auto, (max-width: 665px) 100vw, 665px\" \/><figcaption>BRAMA WJAZDOWA, WYDAWNICTWO ERNST GUHR, HEINRICHAU<\/figcaption><\/figure>\n\n\n\n<figure class=\"wp-block-image is-resized\"><img loading=\"lazy\" decoding=\"async\" src=\"https:\/\/parafiahenrykow.pl\/wp-content\/uploads\/2019\/01\/z-lotu-ptaka-back-1024x718.jpg\" alt=\"\" class=\"wp-image-79\" width=\"768\" height=\"539\" srcset=\"https:\/\/parafiahenrykow.pl\/wp-content\/uploads\/2019\/01\/z-lotu-ptaka-back-1024x718.jpg 1024w, https:\/\/parafiahenrykow.pl\/wp-content\/uploads\/2019\/01\/z-lotu-ptaka-back-300x210.jpg 300w, https:\/\/parafiahenrykow.pl\/wp-content\/uploads\/2019\/01\/z-lotu-ptaka-back-768x538.jpg 768w, https:\/\/parafiahenrykow.pl\/wp-content\/uploads\/2019\/01\/z-lotu-ptaka-back.jpg 1167w\" sizes=\"auto, (max-width: 768px) 100vw, 768px\" \/><figcaption>HENRYK\u00d3W Z LOTU PTAKA, WYDAWNICTWO J. BACK, STUTTGARD-BAD CANNSTATT, SOMMERRAIN<\/figcaption><\/figure>\n\n\n\n<figure class=\"wp-block-image is-resized\"><img loading=\"lazy\" decoding=\"async\" src=\"https:\/\/parafiahenrykow.pl\/wp-content\/uploads\/2019\/01\/kapielisko-philipp.jpg\" alt=\"\" class=\"wp-image-82\" width=\"1113\" height=\"709\" srcset=\"https:\/\/parafiahenrykow.pl\/wp-content\/uploads\/2019\/01\/kapielisko-philipp.jpg 1113w, https:\/\/parafiahenrykow.pl\/wp-content\/uploads\/2019\/01\/kapielisko-philipp-300x191.jpg 300w, https:\/\/parafiahenrykow.pl\/wp-content\/uploads\/2019\/01\/kapielisko-philipp-768x489.jpg 768w, https:\/\/parafiahenrykow.pl\/wp-content\/uploads\/2019\/01\/kapielisko-philipp-1024x652.jpg 1024w\" sizes=\"auto, (max-width: 1113px) 100vw, 1113px\" \/><figcaption>K\u0104PIELISKO NA WOLNYM POWIETRZU W HENRYKOWIE, WYDAWNICTWO FRITZ PHILIPP, WAMMEN<\/figcaption><\/figure>\n\n\n\n<figure class=\"wp-block-image is-resized\"><img loading=\"lazy\" decoding=\"async\" src=\"https:\/\/parafiahenrykow.pl\/wp-content\/uploads\/2019\/01\/kapielisko-guhr-1024x652.jpg\" alt=\"\" class=\"wp-image-88\" width=\"1024\" height=\"652\" srcset=\"https:\/\/parafiahenrykow.pl\/wp-content\/uploads\/2019\/01\/kapielisko-guhr-1024x652.jpg 1024w, https:\/\/parafiahenrykow.pl\/wp-content\/uploads\/2019\/01\/kapielisko-guhr-300x191.jpg 300w, https:\/\/parafiahenrykow.pl\/wp-content\/uploads\/2019\/01\/kapielisko-guhr-768x489.jpg 768w, https:\/\/parafiahenrykow.pl\/wp-content\/uploads\/2019\/01\/kapielisko-guhr.jpg 1109w\" sizes=\"auto, (max-width: 1024px) 100vw, 1024px\" \/><figcaption>K\u0104PIELISKO W HENRYKOWIE, WYDAWNICTWO ERNST GUHR, HEINRICHAU<\/figcaption><\/figure>\n\n\n\n<figure class=\"wp-block-image is-resized\"><img loading=\"lazy\" decoding=\"async\" src=\"https:\/\/parafiahenrykow.pl\/wp-content\/uploads\/2019\/01\/slub-sophie-1938-1024x708.jpg\" alt=\"\" class=\"wp-image-90\" width=\"1024\" height=\"708\" srcset=\"https:\/\/parafiahenrykow.pl\/wp-content\/uploads\/2019\/01\/slub-sophie-1938-1024x708.jpg 1024w, https:\/\/parafiahenrykow.pl\/wp-content\/uploads\/2019\/01\/slub-sophie-1938-300x207.jpg 300w, https:\/\/parafiahenrykow.pl\/wp-content\/uploads\/2019\/01\/slub-sophie-1938-768x531.jpg 768w, https:\/\/parafiahenrykow.pl\/wp-content\/uploads\/2019\/01\/slub-sophie-1938.jpg 1174w\" sizes=\"auto, (max-width: 1024px) 100vw, 1024px\" \/><figcaption>ROK 1938- \u015aLUB KSI\u0118\u017bNICZKI SOPHIE VON SACHSEN-WEIMAR-EISENACH Z NAST\u0118PCA TRONU FRIEDRICHEM GUNTHEREM ZU SCHWARZENBURG<\/figcaption><\/figure>\n\n\n\n<figure class=\"wp-block-image is-resized\"><img loading=\"lazy\" decoding=\"async\" src=\"https:\/\/parafiahenrykow.pl\/wp-content\/uploads\/2019\/01\/sophie-z-mezem-670x1024.jpg\" alt=\"\" class=\"wp-image-92\" width=\"670\" height=\"1024\" srcset=\"https:\/\/parafiahenrykow.pl\/wp-content\/uploads\/2019\/01\/sophie-z-mezem-670x1024.jpg 670w, https:\/\/parafiahenrykow.pl\/wp-content\/uploads\/2019\/01\/sophie-z-mezem-196x300.jpg 196w, https:\/\/parafiahenrykow.pl\/wp-content\/uploads\/2019\/01\/sophie-z-mezem.jpg 712w\" sizes=\"auto, (max-width: 670px) 100vw, 670px\" \/><figcaption>KSI\u0118\u017bNICZKA SOPHIE Z MA\u0141\u017bONKIEM<\/figcaption><\/figure>\n\n\n\n<figure class=\"wp-block-gallery aligncenter columns-1 is-cropped wp-block-gallery-1 is-layout-flex wp-block-gallery-is-layout-flex\"><ul class=\"blocks-gallery-grid\"><li class=\"blocks-gallery-item\"><figure><img loading=\"lazy\" decoding=\"async\" width=\"741\" height=\"1024\" src=\"https:\/\/parafiahenrykow.pl\/wp-content\/uploads\/2019\/03\/schneider-zes\u0142anie-ducha-sw.-henrykow-chor-741x1024.jpg\" alt=\"\" data-id=\"186\" data-link=\"https:\/\/parafiahenrykow.pl\/?attachment_id=186\" class=\"wp-image-186\" srcset=\"https:\/\/parafiahenrykow.pl\/wp-content\/uploads\/2019\/03\/schneider-zes\u0142anie-ducha-sw.-henrykow-chor-741x1024.jpg 741w, https:\/\/parafiahenrykow.pl\/wp-content\/uploads\/2019\/03\/schneider-zes\u0142anie-ducha-sw.-henrykow-chor-217x300.jpg 217w, https:\/\/parafiahenrykow.pl\/wp-content\/uploads\/2019\/03\/schneider-zes\u0142anie-ducha-sw.-henrykow-chor-768x1061.jpg 768w\" sizes=\"auto, (max-width: 741px) 100vw, 741px\" \/><figcaption class=\"blocks-gallery-item__caption\">Zes\u0142anie Ducha \u015awi\u0119tego, ch\u00f3r w Henrykowie, proboszcz R. Schneider<\/figcaption><\/figure><\/li><li class=\"blocks-gallery-item\"><figure><img loading=\"lazy\" decoding=\"async\" width=\"727\" height=\"1024\" src=\"https:\/\/parafiahenrykow.pl\/wp-content\/uploads\/2019\/03\/schneider-ecce-homo-henrykow-chor-727x1024.jpg\" alt=\"\" data-id=\"187\" data-link=\"https:\/\/parafiahenrykow.pl\/?attachment_id=187\" class=\"wp-image-187\" srcset=\"https:\/\/parafiahenrykow.pl\/wp-content\/uploads\/2019\/03\/schneider-ecce-homo-henrykow-chor-727x1024.jpg 727w, https:\/\/parafiahenrykow.pl\/wp-content\/uploads\/2019\/03\/schneider-ecce-homo-henrykow-chor-213x300.jpg 213w, https:\/\/parafiahenrykow.pl\/wp-content\/uploads\/2019\/03\/schneider-ecce-homo-henrykow-chor-768x1082.jpg 768w\" sizes=\"auto, (max-width: 727px) 100vw, 727px\" \/><figcaption class=\"blocks-gallery-item__caption\">ECCE HOMO, element z ch\u00f3ru w Henrykowie, proboszcz R. Schneider<\/figcaption><\/figure><\/li><\/ul><\/figure>\n\n\n\n<figure class=\"wp-block-image is-resized\"><img loading=\"lazy\" decoding=\"async\" src=\"https:\/\/parafiahenrykow.pl\/wp-content\/uploads\/2019\/02\/lata-30-te-deutscher-kunstverlag-berlin-w.8-1024x702.jpg\" alt=\"\" class=\"wp-image-125\" width=\"499\" height=\"341\" srcset=\"https:\/\/parafiahenrykow.pl\/wp-content\/uploads\/2019\/02\/lata-30-te-deutscher-kunstverlag-berlin-w.8-1024x702.jpg 1024w, https:\/\/parafiahenrykow.pl\/wp-content\/uploads\/2019\/02\/lata-30-te-deutscher-kunstverlag-berlin-w.8-300x206.jpg 300w, https:\/\/parafiahenrykow.pl\/wp-content\/uploads\/2019\/02\/lata-30-te-deutscher-kunstverlag-berlin-w.8-768x526.jpg 768w\" sizes=\"auto, (max-width: 499px) 100vw, 499px\" \/><figcaption>Ch\u00f3r zakonny, lata 30-te, Deutscher Kunstverlag z Berlina (ze zbioru Mateusza Muchy)<\/figcaption><\/figure>\n\n\n\n<figure class=\"wp-block-image is-resized\"><img loading=\"lazy\" decoding=\"async\" src=\"https:\/\/parafiahenrykow.pl\/wp-content\/uploads\/2019\/02\/1904-p.simon-henrichau-1024x662.jpg\" alt=\"\" class=\"wp-image-127\" width=\"503\" height=\"325\" srcset=\"https:\/\/parafiahenrykow.pl\/wp-content\/uploads\/2019\/02\/1904-p.simon-henrichau-1024x662.jpg 1024w, https:\/\/parafiahenrykow.pl\/wp-content\/uploads\/2019\/02\/1904-p.simon-henrichau-300x194.jpg 300w, https:\/\/parafiahenrykow.pl\/wp-content\/uploads\/2019\/02\/1904-p.simon-henrichau-768x497.jpg 768w\" sizes=\"auto, (max-width: 503px) 100vw, 503px\" \/><figcaption>Opactwo od strony kolumny Tr\u00f3jcy \u015awi\u0119tej, Wydawnictwo P. Simon z Henrykowa, rok 1904 (ze zbioru M. Muchy)<\/figcaption><\/figure>\n\n\n\n<figure class=\"wp-block-image is-resized\"><img loading=\"lazy\" decoding=\"async\" src=\"https:\/\/parafiahenrykow.pl\/wp-content\/uploads\/2019\/02\/ok.-1914-guhr-1024x662.jpg\" alt=\"\" class=\"wp-image-129\" width=\"503\" height=\"325\" srcset=\"https:\/\/parafiahenrykow.pl\/wp-content\/uploads\/2019\/02\/ok.-1914-guhr-1024x662.jpg 1024w, https:\/\/parafiahenrykow.pl\/wp-content\/uploads\/2019\/02\/ok.-1914-guhr-300x194.jpg 300w, https:\/\/parafiahenrykow.pl\/wp-content\/uploads\/2019\/02\/ok.-1914-guhr-768x497.jpg 768w\" sizes=\"auto, (max-width: 503px) 100vw, 503px\" \/><figcaption>Opactwo od strony kolumny Tr\u00f3jcy \u015awi\u0119tej, Wydawnictwo Ernst Guhr z Henrykowa, ok. 1914 r. (ze zbioru M. Muchy)<\/figcaption><\/figure>\n\n\n\n<figure class=\"wp-block-image is-resized\"><img loading=\"lazy\" decoding=\"async\" src=\"https:\/\/parafiahenrykow.pl\/wp-content\/uploads\/2019\/02\/rok-1923-guhr-2-1024x655.jpg\" alt=\"\" class=\"wp-image-131\" width=\"505\" height=\"323\" srcset=\"https:\/\/parafiahenrykow.pl\/wp-content\/uploads\/2019\/02\/rok-1923-guhr-2-1024x655.jpg 1024w, https:\/\/parafiahenrykow.pl\/wp-content\/uploads\/2019\/02\/rok-1923-guhr-2-300x192.jpg 300w, https:\/\/parafiahenrykow.pl\/wp-content\/uploads\/2019\/02\/rok-1923-guhr-2-768x491.jpg 768w\" sizes=\"auto, (max-width: 505px) 100vw, 505px\" \/><figcaption>Opactwo od strony ogrodu w\u0142oskiego, Wydawnictwo E. Guhr z Henrykowa, rok 1923 (ze zbioru M. Muchy)<\/figcaption><\/figure>\n\n\n\n<figure class=\"wp-block-image is-resized\"><img loading=\"lazy\" decoding=\"async\" src=\"https:\/\/parafiahenrykow.pl\/wp-content\/uploads\/2019\/02\/rok-1923-guhr-676x1024.jpg\" alt=\"\" class=\"wp-image-133\" width=\"496\" height=\"751\" srcset=\"https:\/\/parafiahenrykow.pl\/wp-content\/uploads\/2019\/02\/rok-1923-guhr-676x1024.jpg 676w, https:\/\/parafiahenrykow.pl\/wp-content\/uploads\/2019\/02\/rok-1923-guhr-198x300.jpg 198w, https:\/\/parafiahenrykow.pl\/wp-content\/uploads\/2019\/02\/rok-1923-guhr-768x1163.jpg 768w, https:\/\/parafiahenrykow.pl\/wp-content\/uploads\/2019\/02\/rok-1923-guhr.jpg 1819w\" sizes=\"auto, (max-width: 496px) 100vw, 496px\" \/><figcaption>Droga do opactwa, Wydawnictwo E. Guhr, rok 1923 (ze zbioru M. Muchy)<\/figcaption><\/figure>\n\n\n\n<figure class=\"wp-block-image is-resized\"><img loading=\"lazy\" decoding=\"async\" src=\"https:\/\/parafiahenrykow.pl\/wp-content\/uploads\/2019\/02\/rok-1944-guhr-1024x660.jpg\" alt=\"\" class=\"wp-image-136\" width=\"501\" height=\"322\" srcset=\"https:\/\/parafiahenrykow.pl\/wp-content\/uploads\/2019\/02\/rok-1944-guhr-1024x660.jpg 1024w, https:\/\/parafiahenrykow.pl\/wp-content\/uploads\/2019\/02\/rok-1944-guhr-300x193.jpg 300w, https:\/\/parafiahenrykow.pl\/wp-content\/uploads\/2019\/02\/rok-1944-guhr-768x495.jpg 768w\" sizes=\"auto, (max-width: 501px) 100vw, 501px\" \/><figcaption>Opactwo z 1944 r., Wydawnictwo E. Guhr (ze zbioru M. Muchy)<\/figcaption><\/figure>\n\n\n\n<figure class=\"wp-block-image is-resized\"><img loading=\"lazy\" decoding=\"async\" src=\"https:\/\/parafiahenrykow.pl\/wp-content\/uploads\/2019\/02\/rok1924-guhr-680x1024.jpg\" alt=\"\" class=\"wp-image-138\" width=\"500\" height=\"753\" srcset=\"https:\/\/parafiahenrykow.pl\/wp-content\/uploads\/2019\/02\/rok1924-guhr-680x1024.jpg 680w, https:\/\/parafiahenrykow.pl\/wp-content\/uploads\/2019\/02\/rok1924-guhr-199x300.jpg 199w, https:\/\/parafiahenrykow.pl\/wp-content\/uploads\/2019\/02\/rok1924-guhr-768x1156.jpg 768w, https:\/\/parafiahenrykow.pl\/wp-content\/uploads\/2019\/02\/rok1924-guhr.jpg 1836w\" sizes=\"auto, (max-width: 500px) 100vw, 500px\" \/><figcaption>Droga do opactwa, Wydawnictwo E. Guhr, rok 1924 (ze zbioru M. Muchy) <\/figcaption><\/figure>\n\n\n\n<figure class=\"wp-block-image is-resized\"><img loading=\"lazy\" decoding=\"async\" src=\"https:\/\/parafiahenrykow.pl\/wp-content\/uploads\/2019\/02\/stary-henrykow-1916-verlag-max-friedlander-breslau-664x1024.jpg\" alt=\"\" class=\"wp-image-140\" width=\"524\" height=\"807\" srcset=\"https:\/\/parafiahenrykow.pl\/wp-content\/uploads\/2019\/02\/stary-henrykow-1916-verlag-max-friedlander-breslau-664x1024.jpg 664w, https:\/\/parafiahenrykow.pl\/wp-content\/uploads\/2019\/02\/stary-henrykow-1916-verlag-max-friedlander-breslau-194x300.jpg 194w\" sizes=\"auto, (max-width: 524px) 100vw, 524px\" \/><figcaption>Stary Henryk\u00f3w, Wydawnictwo Max Friedlander z Wroc\u0142awia, rok 1916 (ze zbioru M. Muchy)<\/figcaption><\/figure>\n\n\n\n<figure class=\"wp-block-image is-resized\"><img loading=\"lazy\" decoding=\"async\" src=\"https:\/\/parafiahenrykow.pl\/wp-content\/uploads\/2019\/02\/muszkowice-max-fiedler-breslau-670x1024.jpg\" alt=\"\" class=\"wp-image-142\" width=\"504\" height=\"770\" srcset=\"https:\/\/parafiahenrykow.pl\/wp-content\/uploads\/2019\/02\/muszkowice-max-fiedler-breslau-670x1024.jpg 670w, https:\/\/parafiahenrykow.pl\/wp-content\/uploads\/2019\/02\/muszkowice-max-fiedler-breslau-196x300.jpg 196w, https:\/\/parafiahenrykow.pl\/wp-content\/uploads\/2019\/02\/muszkowice-max-fiedler-breslau-768x1174.jpg 768w, https:\/\/parafiahenrykow.pl\/wp-content\/uploads\/2019\/02\/muszkowice-max-fiedler-breslau.jpg 1818w\" sizes=\"auto, (max-width: 504px) 100vw, 504px\" \/><figcaption>Muszkowice, Wydawnictwo Max Fiedler z Wroc\u0142awia (ze zbioru M. Muchy)<\/figcaption><\/figure>\n\n\n\n<figure class=\"wp-block-image is-resized\"><img loading=\"lazy\" decoding=\"async\" src=\"https:\/\/parafiahenrykow.pl\/wp-content\/uploads\/2019\/02\/rok-1921-budzow-herman-herzog-neisse-1024x647.jpg\" alt=\"\" class=\"wp-image-144\" width=\"538\" height=\"339\" srcset=\"https:\/\/parafiahenrykow.pl\/wp-content\/uploads\/2019\/02\/rok-1921-budzow-herman-herzog-neisse-1024x647.jpg 1024w, https:\/\/parafiahenrykow.pl\/wp-content\/uploads\/2019\/02\/rok-1921-budzow-herman-herzog-neisse-300x190.jpg 300w, https:\/\/parafiahenrykow.pl\/wp-content\/uploads\/2019\/02\/rok-1921-budzow-herman-herzog-neisse-768x485.jpg 768w\" sizes=\"auto, (max-width: 538px) 100vw, 538px\" \/><figcaption>Budz\u00f3w, Wydawnictwo Herman Herzog z Nysy, rok 1921 (ze zbioru M. Muchy)<\/figcaption><\/figure>\n\n\n\n<p> <\/p>\n\n\n\n<p><strong>ZE ZBIOR\u00d3W PANA W\u0141ODZIMIERZA BILI\u0143SKIEGO<\/strong><\/p>\n\n\n\n<figure class=\"wp-block-gallery columns-1 is-cropped wp-block-gallery-2 is-layout-flex wp-block-gallery-is-layout-flex\"><ul class=\"blocks-gallery-grid\"><li class=\"blocks-gallery-item\"><figure><img loading=\"lazy\" decoding=\"async\" width=\"668\" height=\"1024\" src=\"https:\/\/parafiahenrykow.pl\/wp-content\/uploads\/2019\/03\/20190310_142855-668x1024.jpg\" alt=\"\" data-id=\"153\" data-link=\"https:\/\/parafiahenrykow.pl\/?attachment_id=153\" class=\"wp-image-153\" srcset=\"https:\/\/parafiahenrykow.pl\/wp-content\/uploads\/2019\/03\/20190310_142855-668x1024.jpg 668w, https:\/\/parafiahenrykow.pl\/wp-content\/uploads\/2019\/03\/20190310_142855-196x300.jpg 196w, https:\/\/parafiahenrykow.pl\/wp-content\/uploads\/2019\/03\/20190310_142855-768x1177.jpg 768w, https:\/\/parafiahenrykow.pl\/wp-content\/uploads\/2019\/03\/20190310_142855.jpg 1088w\" sizes=\"auto, (max-width: 668px) 100vw, 668px\" \/><\/figure><\/li><li class=\"blocks-gallery-item\"><figure><img loading=\"lazy\" decoding=\"async\" width=\"1024\" height=\"652\" src=\"https:\/\/parafiahenrykow.pl\/wp-content\/uploads\/2019\/03\/Henrykow-1-001-2-1024x652.jpg\" alt=\"\" data-id=\"154\" data-link=\"https:\/\/parafiahenrykow.pl\/?attachment_id=154\" class=\"wp-image-154\" srcset=\"https:\/\/parafiahenrykow.pl\/wp-content\/uploads\/2019\/03\/Henrykow-1-001-2-1024x652.jpg 1024w, https:\/\/parafiahenrykow.pl\/wp-content\/uploads\/2019\/03\/Henrykow-1-001-2-300x191.jpg 300w, https:\/\/parafiahenrykow.pl\/wp-content\/uploads\/2019\/03\/Henrykow-1-001-2-768x489.jpg 768w, https:\/\/parafiahenrykow.pl\/wp-content\/uploads\/2019\/03\/Henrykow-1-001-2.jpg 1620w\" sizes=\"auto, (max-width: 1024px) 100vw, 1024px\" \/><\/figure><\/li><li class=\"blocks-gallery-item\"><figure><img loading=\"lazy\" decoding=\"async\" width=\"1024\" height=\"661\" src=\"https:\/\/parafiahenrykow.pl\/wp-content\/uploads\/2019\/03\/Henrykow-2-001-1024x661.jpg\" alt=\"\" data-id=\"155\" data-link=\"https:\/\/parafiahenrykow.pl\/?attachment_id=155\" class=\"wp-image-155\" srcset=\"https:\/\/parafiahenrykow.pl\/wp-content\/uploads\/2019\/03\/Henrykow-2-001-1024x661.jpg 1024w, https:\/\/parafiahenrykow.pl\/wp-content\/uploads\/2019\/03\/Henrykow-2-001-300x194.jpg 300w, https:\/\/parafiahenrykow.pl\/wp-content\/uploads\/2019\/03\/Henrykow-2-001-768x496.jpg 768w, https:\/\/parafiahenrykow.pl\/wp-content\/uploads\/2019\/03\/Henrykow-2-001.jpg 1643w\" sizes=\"auto, (max-width: 1024px) 100vw, 1024px\" \/><\/figure><\/li><li class=\"blocks-gallery-item\"><figure><img loading=\"lazy\" decoding=\"async\" width=\"1024\" height=\"666\" src=\"https:\/\/parafiahenrykow.pl\/wp-content\/uploads\/2019\/03\/Henrykow-3-001-1024x666.jpg\" alt=\"\" data-id=\"156\" data-link=\"https:\/\/parafiahenrykow.pl\/?attachment_id=156\" class=\"wp-image-156\" srcset=\"https:\/\/parafiahenrykow.pl\/wp-content\/uploads\/2019\/03\/Henrykow-3-001-1024x666.jpg 1024w, https:\/\/parafiahenrykow.pl\/wp-content\/uploads\/2019\/03\/Henrykow-3-001-300x195.jpg 300w, https:\/\/parafiahenrykow.pl\/wp-content\/uploads\/2019\/03\/Henrykow-3-001-768x500.jpg 768w, https:\/\/parafiahenrykow.pl\/wp-content\/uploads\/2019\/03\/Henrykow-3-001.jpg 1651w\" sizes=\"auto, (max-width: 1024px) 100vw, 1024px\" \/><\/figure><\/li><li class=\"blocks-gallery-item\"><figure><img loading=\"lazy\" decoding=\"async\" width=\"1024\" height=\"662\" src=\"https:\/\/parafiahenrykow.pl\/wp-content\/uploads\/2019\/03\/Henrykow-4-001-1024x662.jpg\" alt=\"\" data-id=\"157\" data-link=\"https:\/\/parafiahenrykow.pl\/?attachment_id=157\" class=\"wp-image-157\" srcset=\"https:\/\/parafiahenrykow.pl\/wp-content\/uploads\/2019\/03\/Henrykow-4-001-1024x662.jpg 1024w, https:\/\/parafiahenrykow.pl\/wp-content\/uploads\/2019\/03\/Henrykow-4-001-300x194.jpg 300w, https:\/\/parafiahenrykow.pl\/wp-content\/uploads\/2019\/03\/Henrykow-4-001-768x496.jpg 768w, https:\/\/parafiahenrykow.pl\/wp-content\/uploads\/2019\/03\/Henrykow-4-001.jpg 1647w\" sizes=\"auto, (max-width: 1024px) 100vw, 1024px\" \/><\/figure><\/li><li class=\"blocks-gallery-item\"><figure><img loading=\"lazy\" decoding=\"async\" width=\"1024\" height=\"659\" src=\"https:\/\/parafiahenrykow.pl\/wp-content\/uploads\/2019\/03\/Henrykow-5-001-1024x659.jpg\" alt=\"\" data-id=\"158\" data-link=\"https:\/\/parafiahenrykow.pl\/?attachment_id=158\" class=\"wp-image-158\" srcset=\"https:\/\/parafiahenrykow.pl\/wp-content\/uploads\/2019\/03\/Henrykow-5-001-1024x659.jpg 1024w, https:\/\/parafiahenrykow.pl\/wp-content\/uploads\/2019\/03\/Henrykow-5-001-300x193.jpg 300w, https:\/\/parafiahenrykow.pl\/wp-content\/uploads\/2019\/03\/Henrykow-5-001-768x494.jpg 768w, https:\/\/parafiahenrykow.pl\/wp-content\/uploads\/2019\/03\/Henrykow-5-001.jpg 1655w\" sizes=\"auto, (max-width: 1024px) 100vw, 1024px\" \/><\/figure><\/li><li class=\"blocks-gallery-item\"><figure><img loading=\"lazy\" decoding=\"async\" width=\"1024\" height=\"668\" src=\"https:\/\/parafiahenrykow.pl\/wp-content\/uploads\/2019\/03\/Henrykow-7-001-1024x668.jpg\" alt=\"\" data-id=\"159\" data-link=\"https:\/\/parafiahenrykow.pl\/?attachment_id=159\" class=\"wp-image-159\" srcset=\"https:\/\/parafiahenrykow.pl\/wp-content\/uploads\/2019\/03\/Henrykow-7-001-1024x668.jpg 1024w, https:\/\/parafiahenrykow.pl\/wp-content\/uploads\/2019\/03\/Henrykow-7-001-300x196.jpg 300w, https:\/\/parafiahenrykow.pl\/wp-content\/uploads\/2019\/03\/Henrykow-7-001-768x501.jpg 768w, https:\/\/parafiahenrykow.pl\/wp-content\/uploads\/2019\/03\/Henrykow-7-001.jpg 1666w\" sizes=\"auto, (max-width: 1024px) 100vw, 1024px\" \/><\/figure><\/li><li class=\"blocks-gallery-item\"><figure><img loading=\"lazy\" decoding=\"async\" width=\"1024\" height=\"654\" src=\"https:\/\/parafiahenrykow.pl\/wp-content\/uploads\/2019\/03\/Henrykow-8-001-1024x654.jpg\" alt=\"\" data-id=\"160\" data-link=\"https:\/\/parafiahenrykow.pl\/?attachment_id=160\" class=\"wp-image-160\" srcset=\"https:\/\/parafiahenrykow.pl\/wp-content\/uploads\/2019\/03\/Henrykow-8-001-1024x654.jpg 1024w, https:\/\/parafiahenrykow.pl\/wp-content\/uploads\/2019\/03\/Henrykow-8-001-300x191.jpg 300w, https:\/\/parafiahenrykow.pl\/wp-content\/uploads\/2019\/03\/Henrykow-8-001-768x490.jpg 768w, https:\/\/parafiahenrykow.pl\/wp-content\/uploads\/2019\/03\/Henrykow-8-001.jpg 1656w\" sizes=\"auto, (max-width: 1024px) 100vw, 1024px\" \/><\/figure><\/li><li class=\"blocks-gallery-item\"><figure><img loading=\"lazy\" decoding=\"async\" width=\"1024\" height=\"684\" src=\"https:\/\/parafiahenrykow.pl\/wp-content\/uploads\/2019\/03\/Henrykow-9-001-1024x684.jpg\" alt=\"\" data-id=\"161\" data-link=\"https:\/\/parafiahenrykow.pl\/?attachment_id=161\" class=\"wp-image-161\" srcset=\"https:\/\/parafiahenrykow.pl\/wp-content\/uploads\/2019\/03\/Henrykow-9-001-1024x684.jpg 1024w, https:\/\/parafiahenrykow.pl\/wp-content\/uploads\/2019\/03\/Henrykow-9-001-300x200.jpg 300w, https:\/\/parafiahenrykow.pl\/wp-content\/uploads\/2019\/03\/Henrykow-9-001-768x513.jpg 768w, https:\/\/parafiahenrykow.pl\/wp-content\/uploads\/2019\/03\/Henrykow-9-001.jpg 1616w\" sizes=\"auto, (max-width: 1024px) 100vw, 1024px\" \/><\/figure><\/li><li class=\"blocks-gallery-item\"><figure><img loading=\"lazy\" decoding=\"async\" width=\"1024\" height=\"670\" src=\"https:\/\/parafiahenrykow.pl\/wp-content\/uploads\/2019\/03\/Henrykow-10-001-1024x670.jpg\" alt=\"\" data-id=\"162\" data-link=\"https:\/\/parafiahenrykow.pl\/?attachment_id=162\" class=\"wp-image-162\" srcset=\"https:\/\/parafiahenrykow.pl\/wp-content\/uploads\/2019\/03\/Henrykow-10-001-1024x670.jpg 1024w, https:\/\/parafiahenrykow.pl\/wp-content\/uploads\/2019\/03\/Henrykow-10-001-300x196.jpg 300w, https:\/\/parafiahenrykow.pl\/wp-content\/uploads\/2019\/03\/Henrykow-10-001-768x503.jpg 768w, https:\/\/parafiahenrykow.pl\/wp-content\/uploads\/2019\/03\/Henrykow-10-001.jpg 1652w\" sizes=\"auto, (max-width: 1024px) 100vw, 1024px\" \/><\/figure><\/li><li class=\"blocks-gallery-item\"><figure><img loading=\"lazy\" decoding=\"async\" width=\"1024\" height=\"643\" src=\"https:\/\/parafiahenrykow.pl\/wp-content\/uploads\/2019\/03\/Henrykow-11-001-1024x643.jpg\" alt=\"\" data-id=\"163\" data-link=\"https:\/\/parafiahenrykow.pl\/?attachment_id=163\" class=\"wp-image-163\" srcset=\"https:\/\/parafiahenrykow.pl\/wp-content\/uploads\/2019\/03\/Henrykow-11-001-1024x643.jpg 1024w, https:\/\/parafiahenrykow.pl\/wp-content\/uploads\/2019\/03\/Henrykow-11-001-300x188.jpg 300w, https:\/\/parafiahenrykow.pl\/wp-content\/uploads\/2019\/03\/Henrykow-11-001-768x482.jpg 768w, https:\/\/parafiahenrykow.pl\/wp-content\/uploads\/2019\/03\/Henrykow-11-001.jpg 1775w\" sizes=\"auto, (max-width: 1024px) 100vw, 1024px\" \/><\/figure><\/li><li class=\"blocks-gallery-item\"><figure><img loading=\"lazy\" decoding=\"async\" width=\"1024\" height=\"727\" src=\"https:\/\/parafiahenrykow.pl\/wp-content\/uploads\/2019\/03\/Henrykow-12-001-1024x727.jpg\" alt=\"\" data-id=\"164\" data-link=\"https:\/\/parafiahenrykow.pl\/?attachment_id=164\" class=\"wp-image-164\" srcset=\"https:\/\/parafiahenrykow.pl\/wp-content\/uploads\/2019\/03\/Henrykow-12-001-1024x727.jpg 1024w, https:\/\/parafiahenrykow.pl\/wp-content\/uploads\/2019\/03\/Henrykow-12-001-300x213.jpg 300w, https:\/\/parafiahenrykow.pl\/wp-content\/uploads\/2019\/03\/Henrykow-12-001-768x545.jpg 768w, https:\/\/parafiahenrykow.pl\/wp-content\/uploads\/2019\/03\/Henrykow-12-001.jpg 1750w\" sizes=\"auto, (max-width: 1024px) 100vw, 1024px\" \/><\/figure><\/li><li class=\"blocks-gallery-item\"><figure><img loading=\"lazy\" decoding=\"async\" width=\"1024\" height=\"651\" src=\"https:\/\/parafiahenrykow.pl\/wp-content\/uploads\/2019\/03\/Henrykow-13-001-1024x651.jpg\" alt=\"\" data-id=\"165\" data-link=\"https:\/\/parafiahenrykow.pl\/?attachment_id=165\" class=\"wp-image-165\" srcset=\"https:\/\/parafiahenrykow.pl\/wp-content\/uploads\/2019\/03\/Henrykow-13-001-1024x651.jpg 1024w, https:\/\/parafiahenrykow.pl\/wp-content\/uploads\/2019\/03\/Henrykow-13-001-300x191.jpg 300w, https:\/\/parafiahenrykow.pl\/wp-content\/uploads\/2019\/03\/Henrykow-13-001-768x488.jpg 768w, https:\/\/parafiahenrykow.pl\/wp-content\/uploads\/2019\/03\/Henrykow-13-001.jpg 1640w\" sizes=\"auto, (max-width: 1024px) 100vw, 1024px\" \/><\/figure><\/li><li class=\"blocks-gallery-item\"><figure><img loading=\"lazy\" decoding=\"async\" width=\"1024\" height=\"674\" src=\"https:\/\/parafiahenrykow.pl\/wp-content\/uploads\/2019\/03\/Henrykow-14-001-1024x674.jpg\" alt=\"\" data-id=\"166\" data-link=\"https:\/\/parafiahenrykow.pl\/?attachment_id=166\" class=\"wp-image-166\" srcset=\"https:\/\/parafiahenrykow.pl\/wp-content\/uploads\/2019\/03\/Henrykow-14-001-1024x674.jpg 1024w, https:\/\/parafiahenrykow.pl\/wp-content\/uploads\/2019\/03\/Henrykow-14-001-300x198.jpg 300w, https:\/\/parafiahenrykow.pl\/wp-content\/uploads\/2019\/03\/Henrykow-14-001-768x506.jpg 768w, https:\/\/parafiahenrykow.pl\/wp-content\/uploads\/2019\/03\/Henrykow-14-001.jpg 1657w\" sizes=\"auto, (max-width: 1024px) 100vw, 1024px\" \/><\/figure><\/li><li class=\"blocks-gallery-item\"><figure><img loading=\"lazy\" decoding=\"async\" width=\"1024\" height=\"722\" src=\"https:\/\/parafiahenrykow.pl\/wp-content\/uploads\/2019\/03\/Henrykow-15-001-1024x722.jpg\" alt=\"\" data-id=\"167\" data-link=\"https:\/\/parafiahenrykow.pl\/?attachment_id=167\" class=\"wp-image-167\" srcset=\"https:\/\/parafiahenrykow.pl\/wp-content\/uploads\/2019\/03\/Henrykow-15-001-1024x722.jpg 1024w, https:\/\/parafiahenrykow.pl\/wp-content\/uploads\/2019\/03\/Henrykow-15-001-300x211.jpg 300w, https:\/\/parafiahenrykow.pl\/wp-content\/uploads\/2019\/03\/Henrykow-15-001-768x541.jpg 768w, https:\/\/parafiahenrykow.pl\/wp-content\/uploads\/2019\/03\/Henrykow-15-001.jpg 1764w\" sizes=\"auto, (max-width: 1024px) 100vw, 1024px\" \/><\/figure><\/li><li class=\"blocks-gallery-item\"><figure><img loading=\"lazy\" decoding=\"async\" width=\"1024\" height=\"729\" src=\"https:\/\/parafiahenrykow.pl\/wp-content\/uploads\/2019\/03\/Henrykow-17-001-1024x729.jpg\" alt=\"\" data-id=\"168\" data-link=\"https:\/\/parafiahenrykow.pl\/?attachment_id=168\" class=\"wp-image-168\" srcset=\"https:\/\/parafiahenrykow.pl\/wp-content\/uploads\/2019\/03\/Henrykow-17-001-1024x729.jpg 1024w, https:\/\/parafiahenrykow.pl\/wp-content\/uploads\/2019\/03\/Henrykow-17-001-300x213.jpg 300w, https:\/\/parafiahenrykow.pl\/wp-content\/uploads\/2019\/03\/Henrykow-17-001-768x546.jpg 768w, https:\/\/parafiahenrykow.pl\/wp-content\/uploads\/2019\/03\/Henrykow-17-001.jpg 1737w\" sizes=\"auto, (max-width: 1024px) 100vw, 1024px\" \/><\/figure><\/li><li class=\"blocks-gallery-item\"><figure><img loading=\"lazy\" decoding=\"async\" width=\"1024\" height=\"666\" src=\"https:\/\/parafiahenrykow.pl\/wp-content\/uploads\/2019\/03\/Henrykow-18-001-1024x666.jpg\" alt=\"\" data-id=\"169\" data-link=\"https:\/\/parafiahenrykow.pl\/?attachment_id=169\" class=\"wp-image-169\" srcset=\"https:\/\/parafiahenrykow.pl\/wp-content\/uploads\/2019\/03\/Henrykow-18-001-1024x666.jpg 1024w, https:\/\/parafiahenrykow.pl\/wp-content\/uploads\/2019\/03\/Henrykow-18-001-300x195.jpg 300w, https:\/\/parafiahenrykow.pl\/wp-content\/uploads\/2019\/03\/Henrykow-18-001-768x499.jpg 768w, https:\/\/parafiahenrykow.pl\/wp-content\/uploads\/2019\/03\/Henrykow-18-001.jpg 1647w\" sizes=\"auto, (max-width: 1024px) 100vw, 1024px\" \/><\/figure><\/li><li class=\"blocks-gallery-item\"><figure><img loading=\"lazy\" decoding=\"async\" width=\"1024\" height=\"741\" src=\"https:\/\/parafiahenrykow.pl\/wp-content\/uploads\/2019\/03\/Henrykow-19-001-1024x741.jpg\" alt=\"\" data-id=\"170\" data-link=\"https:\/\/parafiahenrykow.pl\/?attachment_id=170\" class=\"wp-image-170\" srcset=\"https:\/\/parafiahenrykow.pl\/wp-content\/uploads\/2019\/03\/Henrykow-19-001-1024x741.jpg 1024w, https:\/\/parafiahenrykow.pl\/wp-content\/uploads\/2019\/03\/Henrykow-19-001-300x217.jpg 300w, https:\/\/parafiahenrykow.pl\/wp-content\/uploads\/2019\/03\/Henrykow-19-001-768x555.jpg 768w, https:\/\/parafiahenrykow.pl\/wp-content\/uploads\/2019\/03\/Henrykow-19-001.jpg 1720w\" sizes=\"auto, (max-width: 1024px) 100vw, 1024px\" \/><\/figure><\/li><li class=\"blocks-gallery-item\"><figure><img loading=\"lazy\" decoding=\"async\" width=\"1024\" height=\"671\" src=\"https:\/\/parafiahenrykow.pl\/wp-content\/uploads\/2019\/03\/Henrykow-20-001-1024x671.jpg\" alt=\"\" data-id=\"171\" data-link=\"https:\/\/parafiahenrykow.pl\/?attachment_id=171\" class=\"wp-image-171\" srcset=\"https:\/\/parafiahenrykow.pl\/wp-content\/uploads\/2019\/03\/Henrykow-20-001-1024x671.jpg 1024w, https:\/\/parafiahenrykow.pl\/wp-content\/uploads\/2019\/03\/Henrykow-20-001-300x197.jpg 300w, https:\/\/parafiahenrykow.pl\/wp-content\/uploads\/2019\/03\/Henrykow-20-001-768x503.jpg 768w, https:\/\/parafiahenrykow.pl\/wp-content\/uploads\/2019\/03\/Henrykow-20-001.jpg 1650w\" sizes=\"auto, (max-width: 1024px) 100vw, 1024px\" \/><\/figure><\/li><li class=\"blocks-gallery-item\"><figure><img loading=\"lazy\" decoding=\"async\" width=\"665\" height=\"1024\" src=\"https:\/\/parafiahenrykow.pl\/wp-content\/uploads\/2019\/03\/Henryk\u00f3w-21-001-665x1024.jpg\" alt=\"\" data-id=\"172\" data-link=\"https:\/\/parafiahenrykow.pl\/?attachment_id=172\" class=\"wp-image-172\" srcset=\"https:\/\/parafiahenrykow.pl\/wp-content\/uploads\/2019\/03\/Henryk\u00f3w-21-001-665x1024.jpg 665w, https:\/\/parafiahenrykow.pl\/wp-content\/uploads\/2019\/03\/Henryk\u00f3w-21-001-195x300.jpg 195w, https:\/\/parafiahenrykow.pl\/wp-content\/uploads\/2019\/03\/Henryk\u00f3w-21-001-768x1183.jpg 768w, https:\/\/parafiahenrykow.pl\/wp-content\/uploads\/2019\/03\/Henryk\u00f3w-21-001.jpg 1071w\" sizes=\"auto, (max-width: 665px) 100vw, 665px\" \/><\/figure><\/li><li class=\"blocks-gallery-item\"><figure><img loading=\"lazy\" decoding=\"async\" width=\"641\" height=\"1024\" src=\"https:\/\/parafiahenrykow.pl\/wp-content\/uploads\/2019\/03\/20190310_142258-641x1024.jpg\" alt=\"\" data-id=\"173\" data-link=\"https:\/\/parafiahenrykow.pl\/?attachment_id=173\" class=\"wp-image-173\" srcset=\"https:\/\/parafiahenrykow.pl\/wp-content\/uploads\/2019\/03\/20190310_142258-641x1024.jpg 641w, https:\/\/parafiahenrykow.pl\/wp-content\/uploads\/2019\/03\/20190310_142258-188x300.jpg 188w, https:\/\/parafiahenrykow.pl\/wp-content\/uploads\/2019\/03\/20190310_142258-768x1226.jpg 768w, https:\/\/parafiahenrykow.pl\/wp-content\/uploads\/2019\/03\/20190310_142258.jpg 1021w\" sizes=\"auto, (max-width: 641px) 100vw, 641px\" \/><\/figure><\/li><\/ul><\/figure>\n\n\n\n<p><strong>ZE ZBIOR\u00d3W PANI HELENY PRZY\u015aLAKIEWICZ<\/strong><\/p>\n\n\n\n<figure class=\"wp-block-gallery aligncenter columns-1 wp-block-gallery-3 is-layout-flex wp-block-gallery-is-layout-flex\"><ul class=\"blocks-gallery-grid\"><li class=\"blocks-gallery-item\"><figure><img loading=\"lazy\" decoding=\"async\" width=\"1024\" height=\"643\" src=\"https:\/\/parafiahenrykow.pl\/wp-content\/uploads\/2019\/04\/wadochowice-wyd.-foto-wilk-zabkowice-slaskie-1938-r.-1024x643.jpg\" alt=\"\" data-id=\"200\" data-link=\"https:\/\/parafiahenrykow.pl\/?attachment_id=200\" class=\"wp-image-200\" srcset=\"https:\/\/parafiahenrykow.pl\/wp-content\/uploads\/2019\/04\/wadochowice-wyd.-foto-wilk-zabkowice-slaskie-1938-r.-1024x643.jpg 1024w, https:\/\/parafiahenrykow.pl\/wp-content\/uploads\/2019\/04\/wadochowice-wyd.-foto-wilk-zabkowice-slaskie-1938-r.-300x188.jpg 300w, https:\/\/parafiahenrykow.pl\/wp-content\/uploads\/2019\/04\/wadochowice-wyd.-foto-wilk-zabkowice-slaskie-1938-r.-768x482.jpg 768w\" sizes=\"auto, (max-width: 1024px) 100vw, 1024px\" \/><\/figure><\/li><li class=\"blocks-gallery-item\"><figure><img loading=\"lazy\" decoding=\"async\" width=\"1024\" height=\"654\" src=\"https:\/\/parafiahenrykow.pl\/wp-content\/uploads\/2019\/04\/wadochowice-wyd.-ziebice-1907-1024x654.jpg\" alt=\"\" data-id=\"201\" data-link=\"https:\/\/parafiahenrykow.pl\/?attachment_id=201\" class=\"wp-image-201\" srcset=\"https:\/\/parafiahenrykow.pl\/wp-content\/uploads\/2019\/04\/wadochowice-wyd.-ziebice-1907-1024x654.jpg 1024w, https:\/\/parafiahenrykow.pl\/wp-content\/uploads\/2019\/04\/wadochowice-wyd.-ziebice-1907-300x192.jpg 300w, https:\/\/parafiahenrykow.pl\/wp-content\/uploads\/2019\/04\/wadochowice-wyd.-ziebice-1907-768x491.jpg 768w\" sizes=\"auto, (max-width: 1024px) 100vw, 1024px\" \/><\/figure><\/li><li class=\"blocks-gallery-item\"><figure><img loading=\"lazy\" decoding=\"async\" width=\"1024\" height=\"648\" src=\"https:\/\/parafiahenrykow.pl\/wp-content\/uploads\/2019\/04\/wadochowice-wyd.-i.-lissner-wroclaw-1911-1024x648.jpg\" alt=\"\" data-id=\"202\" data-link=\"https:\/\/parafiahenrykow.pl\/?attachment_id=202\" class=\"wp-image-202\" srcset=\"https:\/\/parafiahenrykow.pl\/wp-content\/uploads\/2019\/04\/wadochowice-wyd.-i.-lissner-wroclaw-1911-1024x648.jpg 1024w, https:\/\/parafiahenrykow.pl\/wp-content\/uploads\/2019\/04\/wadochowice-wyd.-i.-lissner-wroclaw-1911-300x190.jpg 300w, https:\/\/parafiahenrykow.pl\/wp-content\/uploads\/2019\/04\/wadochowice-wyd.-i.-lissner-wroclaw-1911-768x486.jpg 768w\" sizes=\"auto, (max-width: 1024px) 100vw, 1024px\" \/><\/figure><\/li><li class=\"blocks-gallery-item\"><figure><img loading=\"lazy\" decoding=\"async\" width=\"686\" height=\"1024\" src=\"https:\/\/parafiahenrykow.pl\/wp-content\/uploads\/2019\/04\/kosciol-wadachowice-georg-poppe-wyd.-gliwice-1-686x1024.jpg\" alt=\"\" data-id=\"203\" data-link=\"https:\/\/parafiahenrykow.pl\/?attachment_id=203\" class=\"wp-image-203\" srcset=\"https:\/\/parafiahenrykow.pl\/wp-content\/uploads\/2019\/04\/kosciol-wadachowice-georg-poppe-wyd.-gliwice-1-686x1024.jpg 686w, https:\/\/parafiahenrykow.pl\/wp-content\/uploads\/2019\/04\/kosciol-wadachowice-georg-poppe-wyd.-gliwice-1-201x300.jpg 201w, https:\/\/parafiahenrykow.pl\/wp-content\/uploads\/2019\/04\/kosciol-wadachowice-georg-poppe-wyd.-gliwice-1-768x1146.jpg 768w\" sizes=\"auto, (max-width: 686px) 100vw, 686px\" \/><\/figure><\/li><\/ul><\/figure>\n\n\n\n<h2 class=\"has-text-align-center wp-block-heading\"><strong>POCZT\u00d3WKI Z LAT 60-TYCH<\/strong><\/h2>\n\n\n\n<div class=\"wp-block-cover has-background-dim is-layout-flow wp-block-cover-is-layout-flow\"><img loading=\"lazy\" decoding=\"async\" width=\"1024\" height=\"657\" class=\"wp-block-cover__image-background wp-image-397\" alt=\"\" src=\"https:\/\/parafiahenrykow.pl\/wp-content\/uploads\/2021\/04\/pocztowka-1962-1024x657.jpg\" data-object-fit=\"cover\" srcset=\"https:\/\/parafiahenrykow.pl\/wp-content\/uploads\/2021\/04\/pocztowka-1962-1024x657.jpg 1024w, https:\/\/parafiahenrykow.pl\/wp-content\/uploads\/2021\/04\/pocztowka-1962-300x192.jpg 300w, https:\/\/parafiahenrykow.pl\/wp-content\/uploads\/2021\/04\/pocztowka-1962-768x493.jpg 768w, https:\/\/parafiahenrykow.pl\/wp-content\/uploads\/2021\/04\/pocztowka-1962.jpg 1227w\" sizes=\"auto, (max-width: 1024px) 100vw, 1024px\" \/><div class=\"wp-block-cover__inner-container\"><\/div><\/div>\n\n\n\n<figure class=\"wp-block-image size-large\"><img loading=\"lazy\" decoding=\"async\" width=\"1024\" height=\"699\" src=\"https:\/\/parafiahenrykow.pl\/wp-content\/uploads\/2021\/04\/poczt-1967-1024x699.jpg\" alt=\"\" class=\"wp-image-398\" srcset=\"https:\/\/parafiahenrykow.pl\/wp-content\/uploads\/2021\/04\/poczt-1967-1024x699.jpg 1024w, https:\/\/parafiahenrykow.pl\/wp-content\/uploads\/2021\/04\/poczt-1967-300x205.jpg 300w, https:\/\/parafiahenrykow.pl\/wp-content\/uploads\/2021\/04\/poczt-1967-768x524.jpg 768w, https:\/\/parafiahenrykow.pl\/wp-content\/uploads\/2021\/04\/poczt-1967.jpg 1168w\" sizes=\"auto, (max-width: 1024px) 100vw, 1024px\" \/><\/figure>\n\n\n\n<figure class=\"wp-block-image size-large\"><img loading=\"lazy\" decoding=\"async\" width=\"741\" height=\"1024\" src=\"https:\/\/parafiahenrykow.pl\/wp-content\/uploads\/2021\/04\/poczt-1965-68-741x1024.jpg\" alt=\"\" class=\"wp-image-399\" srcset=\"https:\/\/parafiahenrykow.pl\/wp-content\/uploads\/2021\/04\/poczt-1965-68-741x1024.jpg 741w, https:\/\/parafiahenrykow.pl\/wp-content\/uploads\/2021\/04\/poczt-1965-68-217x300.jpg 217w, https:\/\/parafiahenrykow.pl\/wp-content\/uploads\/2021\/04\/poczt-1965-68-768x1061.jpg 768w, https:\/\/parafiahenrykow.pl\/wp-content\/uploads\/2021\/04\/poczt-1965-68.jpg 835w\" sizes=\"auto, (max-width: 741px) 100vw, 741px\" \/><\/figure>\n","protected":false},"excerpt":{"rendered":"<p>Poczt\u00f3wka dawnego o\u0142tarza \u015bw. Bernarda po koronacji Matki Boskiej Henrykowskiej, dokonanej przez opata Benedykta Birosa ze Szczyrzyca dnia 3.08.1952 r. ZE ZBIOR\u00d3W PANA W\u0141ODZIMIERZA BILI\u0143SKIEGO ZE ZBIOR\u00d3W PANI HELENY PRZY\u015aLAKIEWICZ POCZT\u00d3WKI Z LAT 60-TYCH<\/p>\n","protected":false},"author":1,"featured_media":0,"parent":95,"menu_order":0,"comment_status":"closed","ping_status":"closed","template":"","meta":{"footnotes":""},"class_list":["post-74","page","type-page","status-publish","hentry","entry"],"_links":{"self":[{"href":"https:\/\/parafiahenrykow.pl\/index.php?rest_route=\/wp\/v2\/pages\/74","targetHints":{"allow":["GET"]}}],"collection":[{"href":"https:\/\/parafiahenrykow.pl\/index.php?rest_route=\/wp\/v2\/pages"}],"about":[{"href":"https:\/\/parafiahenrykow.pl\/index.php?rest_route=\/wp\/v2\/types\/page"}],"author":[{"embeddable":true,"href":"https:\/\/parafiahenrykow.pl\/index.php?rest_route=\/wp\/v2\/users\/1"}],"replies":[{"embeddable":true,"href":"https:\/\/parafiahenrykow.pl\/index.php?rest_route=%2Fwp%2Fv2%2Fcomments&post=74"}],"version-history":[{"count":34,"href":"https:\/\/parafiahenrykow.pl\/index.php?rest_route=\/wp\/v2\/pages\/74\/revisions"}],"predecessor-version":[{"id":593,"href":"https:\/\/parafiahenrykow.pl\/index.php?rest_route=\/wp\/v2\/pages\/74\/revisions\/593"}],"up":[{"embeddable":true,"href":"https:\/\/parafiahenrykow.pl\/index.php?rest_route=\/wp\/v2\/pages\/95"}],"wp:attachment":[{"href":"https:\/\/parafiahenrykow.pl\/index.php?rest_route=%2Fwp%2Fv2%2Fmedia&parent=74"}],"curies":[{"name":"wp","href":"https:\/\/api.w.org\/{rel}","templated":true}]}}